{"version":"1.0","provider_name":"frikisdelabici.com","provider_url":"https:\/\/frikisdelabici.com\/site","author_name":"Rub\u00e9n Fern\u00e1ndez","author_url":"https:\/\/frikisdelabici.com\/site\/author\/rubenextra300\/","title":"1x16 Cap\u00f3 Abierto - Fernando Sanchoyarto. Viva el ultracycling","type":"rich","width":600,"height":338,"html":"<blockquote class=\"wp-embedded-content\" data-secret=\"NmUph4lHBj\"><a href=\"https:\/\/frikisdelabici.com\/site\/1x16-capo-abierto-fernando-sanchoyarto-viva-el-ultracycling\/\">1&#215;16 Cap\u00f3 Abierto &#8211; Fernando Sanchoyarto. Viva el ultracycling<\/a><\/blockquote><iframe sandbox=\"allow-scripts\" security=\"restricted\" src=\"https:\/\/frikisdelabici.com\/site\/1x16-capo-abierto-fernando-sanchoyarto-viva-el-ultracycling\/embed\/#?secret=NmUph4lHBj\" width=\"600\" height=\"338\" title=\"\u00ab1&#215;16 Cap\u00f3 Abierto &#8211; Fernando Sanchoyarto. Viva el ultracycling\u00bb \u2014 frikisdelabici.com\" data-secret=\"NmUph4lHBj\" frameborder=\"0\" marginwidth=\"0\" marginheight=\"0\" scrolling=\"no\" class=\"wp-embedded-content\"><\/iframe><script>\n\/*! This file is auto-generated *\/\n!function(d,l){\"use strict\";l.querySelector&&d.addEventListener&&\"undefined\"!=typeof URL&&(d.wp=d.wp||{},d.wp.receiveEmbedMessage||(d.wp.receiveEmbedMessage=function(e){var t=e.data;if((t||t.secret||t.message||t.value)&&!\/[^a-zA-Z0-9]\/.test(t.secret)){for(var s,r,n,a=l.querySelectorAll('iframe[data-secret=\"'+t.secret+'\"]'),o=l.querySelectorAll('blockquote[data-secret=\"'+t.secret+'\"]'),c=new RegExp(\"^https?:$\",\"i\"),i=0;i<o.length;i++)o[i].style.display=\"none\";for(i=0;i<a.length;i++)s=a[i],e.source===s.contentWindow&&(s.removeAttribute(\"style\"),\"height\"===t.message?(1e3<(r=parseInt(t.value,10))?r=1e3:~~r<200&&(r=200),s.height=r):\"link\"===t.message&&(r=new URL(s.getAttribute(\"src\")),n=new URL(t.value),c.test(n.protocol))&&n.host===r.host&&l.activeElement===s&&(d.top.location.href=t.value))}},d.addEventListener(\"message\",d.wp.receiveEmbedMessage,!1),l.addEventListener(\"DOMContentLoaded\",function(){for(var e,t,s=l.querySelectorAll(\"iframe.wp-embedded-content\"),r=0;r<s.length;r++)(t=(e=s[r]).getAttribute(\"data-secret\"))||(t=Math.random().toString(36).substring(2,12),e.src+=\"#?secret=\"+t,e.setAttribute(\"data-secret\",t)),e.contentWindow.postMessage({message:\"ready\",secret:t},\"*\")},!1)))}(window,document);\n\/\/# sourceURL=https:\/\/frikisdelabici.com\/site\/wp-includes\/js\/wp-embed.min.js\n<\/script>\n","thumbnail_url":"https:\/\/frikisdelabici.com\/site\/wp-content\/uploads\/2023\/01\/maxresdefault-2.jpg","thumbnail_width":1280,"thumbnail_height":720,"description":"Hoy nos acompa\u00f1a un ser de luz del ciclismo. Conocer a Fernando es un lujazo. Es un ciclista al que le encanta la aventura, la autosuficiencia y, por qu\u00e9 no decirlo, meterse en l\u00edos acompa\u00f1ado simplemente de su bicicleta. No te lo pierdas&#8230; no te dejar\u00e1 indiferente y es posible que te haga pensar. Otros..."}