{"id":114,"date":"2020-02-24T12:49:09","date_gmt":"2020-02-24T11:49:09","guid":{"rendered":"https:\/\/frikisdelabici.com\/site\/?page_id=114"},"modified":"2022-10-04T13:29:25","modified_gmt":"2022-10-04T12:29:25","slug":"politica-de-privacidad-aviso-legal","status":"publish","type":"page","link":"https:\/\/frikisdelabici.com\/site\/politica-de-privacidad-aviso-legal\/","title":{"rendered":"Pol\u00edtica de privacidad y Aviso Legal"},"content":{"rendered":"<h3>Qui\u00e9nes somos<\/h3>\n<p>La direcci\u00f3n de nuestra web es: https:\/\/frikisdelabici.com<\/p>\n<p>El responsable de la web y del fichero de datos se muestra a continuaci\u00f3n:<\/p>\n<p><img decoding=\"async\" class=\"alignnone size-full wp-image-117 lazyload\" data-src=\"https:\/\/frikisdelabici.com\/site\/wp-content\/uploads\/2020\/02\/datos-de-contacto.jpg\" alt=\"\" width=\"663\" height=\"165\" data-srcset=\"https:\/\/frikisdelabici.com\/site\/wp-content\/uploads\/2020\/02\/datos-de-contacto.jpg 663w, https:\/\/frikisdelabici.com\/site\/wp-content\/uploads\/2020\/02\/datos-de-contacto-300x75.jpg 300w\" data-sizes=\"(max-width: 663px) 100vw, 663px\" src=\"data:image\/svg+xml;base64,PHN2ZyB3aWR0aD0iMSIgaGVpZ2h0PSIxIiB4bWxucz0iaHR0cDovL3d3dy53My5vcmcvMjAwMC9zdmciPjwvc3ZnPg==\" style=\"--smush-placeholder-width: 663px; --smush-placeholder-aspect-ratio: 663\/165;\" \/><\/p>\n<h3>Cumplimiento de la normativa de aplicaci\u00f3n<\/h3>\n<p>www.frikisdelabici.com cumple con las directrices de la Ley Org\u00e1nica 15\/1999 de 13 de diciembre de Protecci\u00f3n de Datos de Car\u00e1cter Personal, el Real Decreto 1720\/2007 de 21 de diciembre por el que se aprueba el Reglamento de desarrollo de dicha Ley Org\u00e1nica y dem\u00e1s normativa vigente y de aplicaci\u00f3n en cada momento, velando por garantizar un correcto uso y tratamiento de los datos personales del usuario.<\/p>\n<p>www.frikisdelabici.com tambi\u00e9n informa de que cumple la Ley 34\/2002 de 11 de julio, de Servicios de la Sociedad de la Informaci\u00f3n y el Comercio Electr\u00f3nico.<\/p>\n<h3>Medidas de seguridad<\/h3>\n<p>En www.frikisdelabici.com tenemos implantadas y actualizadas todas las medidas de seguridad de \u00edndole t\u00e9cnica y organizativas necesarias para garantizar la seguridad de sus datos de car\u00e1cter personal y evitar su alteraci\u00f3n, p\u00e9rdida y tratamiento y\/o acceso no autorizado. Todo ello de conformidad con lo previsto en el Art. 9 de la LOPD y el T\u00edtulo VIII del RLOPD.<\/p>\n<h3>Enlaces externos<\/h3>\n<p>www.frikisdelabici.com contiene enlaces a sitios web de terceros, cuyas pol\u00edticas de privacidad son ajenas a www.frikisdelabici.com. Al acceder a tales sitios web, usted puede decidir si acepta sus pol\u00edticas de privacidad y de cookies. Por favor, antes de proporcionar su informacio\u0301n personal a estos sitios web ajenos a www.frikisdelabici.com tenga en cuenta que sus pra\u0301cticas de privacidad pueden diferir de las nuestras. Nosotros solo somos responsables de la pol\u00edtica de privacidad de www.frikisdelabici.com<\/p>\n<p>El u\u0301nico objeto de los enlaces es proporcionar al usuario la posibilidad de acceder a dichos enlaces y conocer nuestro trabajo, aunque no ofrece ni comercializa por si\u0301 ni por medio de terceros la informacio\u0301n, contenidos y servicios disponibles en los sitios enlazados, ni aprueba, supervisa o controla en modo alguno los contenidos y servicios y cualquier material de cualquier naturaleza existente en los mismos. www.frikisdelabici.com no se responsabiliza en ningu\u0301n caso de los resultados que puedan derivarse al usuario por acceso a dichos enlaces.<\/p>\n<p>Esta web participa en el Programa de Afiliados de Amazon EU, un programa de publicidad para afiliados dise\u00f1ado para ofrecer a sitios web un modo de obtener comisiones por publicidad, publicitando e incluyendo enlaces a Amazon.es. Su compra le saldr\u00e1 por el mismo precio original. Con la garantia de Amazon<\/p>\n<h3>Qu\u00e9 datos personales recogemos y por qu\u00e9 los recogemos<\/h3>\n<p>www.frikisdelabici.com solicita siempre el consentimiento previo de los usuarios para obtener y para hacer uso de sus datos personales con los fines indicados. Cualquier usuario tiene derecho a revocar su consentimiento previo en cualquier momento.<br \/>\nLos casos en los que esta web requiere datos personales son:<\/p>\n<ul>\n<li>Para comentar los contenidos publicados en el blog.<\/li>\n<li>Para suscribirse a la web.<\/li>\n<\/ul>\n<p>Los Datos de Car\u00e1cter Personal recabados ser\u00e1n en ambos casos, salvo que se indique lo contrario, el nombre y correo electr\u00f3nico del usuario web. En algunos casos, la informaci\u00f3n sobre los visitantes de este sitio puede compartirse de manera an\u00f3nima con terceros, tales como anunciantes de publicidad, patrocinadores o afiliados, con el \u00fanico objetivo de mejorar los servicios que este sitio web ofrece a sus usuarios, y para financiar el sitio web. Todas estas tareas de procesamiento se llevan a cabo seg\u00fan las normativa vigente. En todo momento se respetar\u00e1n los derechos de los usuarios en materia de protecci\u00f3n de datos conforme a la ley.<\/p>\n<p>En todo momento y en todo caso, el usuario tiene plenos derechos sobre sus datos personales y sobre el uso de los mismos y podr\u00e1 ejercitarlos en cualquier momento.<\/p>\n<h3>Comentarios<\/h3>\n<p>Cuando los visitantes dejan comentarios en la web, recopilamos los datos que se muestran en el formulario de comentarios, as\u00ed como la direcci\u00f3n IP del visitante y la cadena de agentes de usuario del navegador para ayudar a la detecci\u00f3n de spam.<\/p>\n<p>Una cadena an\u00f3nima creada a partir de tu direcci\u00f3n de correo electr\u00f3nico (tambi\u00e9n llamada hash) puede ser proporcionada al servicio de Gravatar para ver si la est\u00e1s usando. La pol\u00edtica de privacidad del servicio Gravatar est\u00e1 disponible aqu\u00ed: https:\/\/automattic.com\/privacy\/. Despu\u00e9s de la aprobaci\u00f3n de tu comentario, la imagen de tu perfil es visible para el p\u00fablico en el contexto de su comentario.<\/p>\n<h3>Medios<\/h3>\n<p>Si subes im\u00e1genes a la web deber\u00edas evitar subir im\u00e1genes con datos de ubicaci\u00f3n (GPS EXIF) incluidos. Los visitantes de la web pueden descargar y extraer cualquier dato de localizaci\u00f3n de las im\u00e1genes de la web.<\/p>\n<h3>Formularios de contacto<\/h3>\n<p>Cuando un lector de la web contacta con nosotros (frikisdelabici.com) a trav\u00e9s del formulario de contacto se le solicitar\u00e1 su nombre y correo electr\u00f3nico. Esta informaci\u00f3n podr\u00e1 conservarse durante un cierto per\u00edodo con fines de servicio al cliente, pero no ser\u00e1 empleada con fines de marketing.<\/p>\n<h3>Cookies<\/h3>\n<p>Si dejas un comentario en nuestro sitio puedes elegir guardar tu nombre, direcci\u00f3n de correo electr\u00f3nico y web en cookies. Esto es para tu comodidad, para que no tengas que volver a rellenar tus datos cuando dejes otro comentario. Estas cookies tendr\u00e1n una duraci\u00f3n de un a\u00f1o.<\/p>\n<p>Si tienes una cuenta y te conectas a este sitio, instalaremos una cookie temporal para determinar si tu navegador acepta cookies. Esta cookie no contiene datos personales y se elimina al cerrar el navegador.<\/p>\n<p>Cuando inicias sesi\u00f3n, tambi\u00e9n instalaremos varias cookies para guardar tu informaci\u00f3n de inicio de sesi\u00f3n y tus opciones de visualizaci\u00f3n de pantalla. Las cookies de inicio de sesi\u00f3n duran dos d\u00edas, y las cookies de opciones de pantalla duran un a\u00f1o. Si seleccionas \u00abRecordarme\u00bb, tu inicio de sesi\u00f3n perdurar\u00e1 durante dos semanas. Si sales de tu cuenta, las cookies de inicio de sesi\u00f3n se eliminar\u00e1n.<\/p>\n<p>Si editas o publicas un art\u00edculo se guardar\u00e1 una cookie adicional en tu navegador. Esta cookie no incluye datos personales y simplemente indica el ID del art\u00edculo que acabas de editar. Caduca despu\u00e9s de 1 d\u00eda.<\/p>\n<h3>Contenido incrustado de otros sitios web<\/h3>\n<p>Los art\u00edculos de este sitio pueden incluir contenido incrustado (por ejemplo, v\u00eddeos, im\u00e1genes, art\u00edculos, etc.). El contenido incrustado de otras web se comporta exactamente de la misma manera que si el visitante hubiera visitado la otra web.<\/p>\n<p>Estas web pueden recopilar datos sobre ti, utilizar cookies, incrustar un seguimiento adicional de terceros, y supervisar tu interacci\u00f3n con ese contenido incrustado, incluido el seguimiento de su interacci\u00f3n con el contenido incrustado si tienes una cuenta y est\u00e1s conectado a esa web.<\/p>\n<h3>Comentarios y registros<\/h3>\n<p>Si dejas un comentario, el comentario y sus metadatos se conservan indefinidamente. Esto es para que podamos reconocer y aprobar comentarios sucesivos autom\u00e1ticamente en lugar de mantenerlos en una cola de moderaci\u00f3n.<\/p>\n<p>De los usuarios que se registran en nuestra web (si los hay), tambi\u00e9n almacenamos la informaci\u00f3n personal que proporcionan en su perfil de usuario. Todos los usuarios pueden ver, editar o eliminar su informaci\u00f3n personal en cualquier momento (excepto que no pueden cambiar su nombre de usuario). Los administradores de la web tambi\u00e9n pueden ver y editar esa informaci\u00f3n.<\/p>\n<h3>Qu\u00e9 derechos tienes sobre tus datos<\/h3>\n<p>Si tienes una cuenta o has dejado comentarios en esta web, puedes solicitar recibir un archivo de exportaci\u00f3n de los datos personales que tenemos sobre ti, incluyendo cualquier dato que nos hayas proporcionado. Tambi\u00e9n puedes solicitar que eliminemos cualquier dato personal que tengamos sobre ti. Esto no incluye ning\u00fan dato que estemos obligados a conservar con fines administrativos, legales o de seguridad.<\/p>\n<h3>D\u00f3nde enviamos tus datos<\/h3>\n<p>Los comentarios de los visitantes puede que los revise un servicio de detecci\u00f3n autom\u00e1tica de spam.<\/p>\n<h3>M\u00e9todos para obtener informaci\u00f3n personal de este sitio web<\/h3>\n<p>www.frikisdelabici.com utiliza los siguientes m\u00e9todos de captaci\u00f3n de informaci\u00f3n personal:<\/p>\n<p>1) Formulario de comentarios: En la web existen formularios para poder enviar un comentario a una determina p\u00e1gina de la web. En este formulario se solicita al usuario un nombre y una direcci\u00f3n de correo electr\u00f3nico. Estos datos se utilizan \u00fanicamente para publicar, despublicar y moderar dichos comentarios.<\/p>\n<p>2) Cookies: Durante la navegaci\u00f3n por este sitio web se almacenan cookies en el ordenador del usuario. Cualquier usuario puede consultar el documento de Pol\u00edtica de Cookies para conocer c\u00f3mo se usan las cookies y c\u00f3mo puede desactivarlas.<\/p>\n<p>3) Navegaci\u00f3n y Direcci\u00f3n IP: Durante la navegaci\u00f3n por este sitio web, el usuario env\u00eda autom\u00e1ticamente al servidor de la web la informaci\u00f3n de su direcci\u00f3n de IP, la fecha y hora de acceso a la web, el sistema operativo y el navegador que se ha utilizado para acceder al sitio web. Tambi\u00e9n se pueden enviar datos relativos a la direcci\u00f3n web desde la cual el usuario ha accedido a este sitio web. La Agencia Espa\u00f1ola de Protecci\u00f3n de Datos considera que la direcci\u00f3n IP es un dato de car\u00e1cter personal. www.frikisdelabici.com en ning\u00fan momento usar\u00e1 la direcci\u00f3n IP para identificar a sus usuarios. Solo la utilizar\u00e1 y la guardar\u00e1 para elaborar estad\u00edsticas de acceso al sitio web y para analizar tendencias de comportamiento de los usuarios dentro de www.frikisdelabici.com.<\/p>\n<p>www.frikisdelabici.com nunca comunicar\u00e1 o ceder\u00e1 estos datos a terceros, salvo requerimiento legal o judicial.<\/p>\n<h3>Servicios ofrecidos por terceros en esta web<\/h3>\n<p>Para prestar servicios estrictamente necesarios para el desarrollo de su actividad, www.frikisdelabici.com utiliza los siguientes prestadores de servicios. Cada uno de ellos ejerce su actividad bajo sus propias pol\u00edticas de privacidad.<\/p>\n<p>Alojamiento y servidor web: CubeNode.<br \/>\nPlataforma de gesti\u00f3n de contenidos: WordPress.org<br \/>\nPlataforma de publicidad para blogs: Google Adsense<br \/>\nPlataforma de estad\u00edsticas de tr\u00e1fico web: Google Analytics<br \/>\nServicio de afiliados: Amazon EU.<br \/>\nEl usuario de esta web puede encontrar programas de afiliados y anunciantes que acceden a los h\u00e1bitos de navegaci\u00f3n de los usuarios, para establecer perfiles de usuarios y mostrarle al usuario publicidad en funci\u00f3n a sus intereses y h\u00e1bitos de navegaci\u00f3n. Esta informaci\u00f3n siempre es an\u00f3nima y no se identifica al usuario en ning\u00fan momento.<\/p>\n<p>El propietario de este portal, frikisdelabici participa en el Programa de Afiliados de Amazon EU, un programa de publicidad para afiliados dise\u00f1ado para ofrecer a sitios web un modo de obtener comisiones por publicidad, publicitando e incluyendo enlaces a Amazon.es. Esta web participa en el Programa de Afiliados de Amazon EU, un programa de publicidad para afiliados dise\u00f1ado para ofrecer a sitios web un modo de obtener comisiones por publicidad, publicitando e incluyendo enlaces a Amazon.es. Su compra le saldr\u00e1 por el mismo precio original. Con la garantia de Amazon<\/p>\n<p>www.frikisdelabici.com puede estudiar los patrones de comportamiento de sus visitantes para realizar an\u00e1lisis de audiencia y adaptar todo lo posible los contenidos que se ofrecen en el sitio web a las preferencias de sus usuarios.<\/p>\n<p>Cualquier usuario de la web y cualquier persona f\u00edsica o jur\u00eddica puede enlazar desde su sitio web a www.frikisdelabici.com. Esta acci\u00f3n en ning\u00fan caso implica relaci\u00f3n de ning\u00fan tipo entre www.frikisdelabici.com y el propietario del sitio o de la p\u00e1gina web enlazada. Tampoco implica que www.frikisdelabici.com acepte ni apruebe total o parcialmente los contenidos o los servicios de las p\u00e1ginas web que enlacen hacia ella.<\/p>\n<h3>Sobre la Exactitud y Veracidad de los Datos<\/h3>\n<p>El usuario de este sitio web garantiza que los datos personales facilitados a trav\u00e9s de los diferentes formularios son exactos y veraces.<\/p>\n<p>El usuario de este sitio web garantiza que toda la informaci\u00f3n facilitada dentro del sitio web es veraz y es exacta en el d\u00eda en que se facilita dicha informaci\u00f3n.<\/p>\n<p>El usuario de este sitio web est\u00e1 obligado a preservar la exactitud de sus datos y a mantenerlos actualizados.<\/p>\n<p>El usuario de este sitio web es el \u00fanico responsable de la inexactitud o falsedad de los datos que haya facilitado, y de los perjuicios derivados de esa falsedad que se puedan causar al sitio web www.frikisdelabici.com y a su responsable legal.<\/p>\n<h3>Ejercicio de los derechos ARCO<\/h3>\n<p>Los usuarios de esta web tienen los siguientes derechos:<\/p>\n<p>Consultar qu\u00e9 datos personales almacenamos sobre el usuario de este sitio web en cualquier momento.<br \/>\nSolicitar la actualizaci\u00f3n o modificaci\u00f3n de datos incorrectos almacenados sobre el usuario.<br \/>\nPara ejercitar los derechos de acceso, rectificaci\u00f3n, cancelaci\u00f3n y oposici\u00f3n de sus datos, un usuarios puede enviar un correo electr\u00f3nico a la direcci\u00f3n rubenfernandez@frikisdelabici.com . Dicha solicitud debe ir acompa\u00f1ada de una prueba de identidad v\u00e1lida en derecho (fotocopia del D.N.I. o documento equivalente).<\/p>\n<h3>Aceptaci\u00f3n y consentimiento<\/h3>\n<p>El usuario de este sitio web declara haber sido informado de las condiciones sobre protecci\u00f3n de datos de car\u00e1cter personal. El usuario de este sitio web acepta y consiente el tratamiento de esos datos por parte del sitio web www.frikisdelabici.com de la manera y para los fines indicados en el documento de Aviso Legal de esta misma web.<\/p>\n<h3>Modificaciones en la Pol\u00edtica de Privacidad<\/h3>\n<p>El propietario de esta web, cuyos datos aparecen reflejados anteriormente, como responsable legal de www.frikisdelabici.com se reserva el derecho a modificar la presente pol\u00edtica para adaptarla a novedades legislativas o jurisprudenciales as\u00ed como a pr\u00e1cticas habituales de la industria.<\/p>\n<p>Si as\u00ed ocurriese, se anunciar\u00e1n en esta misma p\u00e1gina los cambios introducidos con antelaci\u00f3n suficiente a su puesta en pr\u00e1ctica. La utilizaci\u00f3n de www.frikisdelabici.com despu\u00e9s de dichos cambios implicar\u00e1 la aceptaci\u00f3n de los mismos<\/p>\n<h3>Env\u00edo y Regulaci\u00f3n de Correos Comerciales<\/h3>\n<p>De acuerdo con la LSSI-CE, frikisdelabici.com no realiza pr\u00e1cticas de SPAM y nunca env\u00eda correos electr\u00f3nicos comerciales sin solicitud o sin consentimiento previo del usuario.<\/p>\n","protected":false},"excerpt":{"rendered":"<p>Qui\u00e9nes somos La direcci\u00f3n de nuestra web es: https:\/\/frikisdelabici.com El responsable de la web y del fichero de datos se muestra a continuaci\u00f3n: Cumplimiento de la normativa de aplicaci\u00f3n www.frikisdelabici.com cumple con las directrices de la Ley Org\u00e1nica 15\/1999 de 13 de diciembre de Protecci\u00f3n de Datos de Car\u00e1cter Personal, el Real Decreto 1720\/2007 de&#8230;<\/p>\n","protected":false},"author":1,"featured_media":0,"parent":0,"menu_order":0,"comment_status":"closed","ping_status":"closed","template":"","meta":{"footnotes":""},"class_list":["post-114","page","type-page","status-publish","hentry"],"yoast_head":"<!-- This site is optimized with the Yoast SEO Premium plugin v18.4 (Yoast SEO v26.7) - https:\/\/yoast.com\/wordpress\/plugins\/seo\/ -->\n<title>Pol\u00edtica de privacidad y Aviso Legal - frikisdelabici.com<\/title>\n<meta name=\"robots\" content=\"noindex, nofollow\" \/>\n<meta property=\"og:locale\" content=\"es_ES\" \/>\n<meta property=\"og:type\" content=\"article\" \/>\n<meta property=\"og:title\" content=\"Pol\u00edtica de privacidad y Aviso Legal\" \/>\n<meta property=\"og:description\" content=\"Qui\u00e9nes somos La direcci\u00f3n de nuestra web es: https:\/\/frikisdelabici.com El responsable de la web y del fichero de datos se muestra a continuaci\u00f3n: Cumplimiento de la normativa de aplicaci\u00f3n www.frikisdelabici.com cumple con las directrices de la Ley Org\u00e1nica 15\/1999 de 13 de diciembre de Protecci\u00f3n de Datos de Car\u00e1cter Personal, el Real Decreto 1720\/2007 de...\" \/>\n<meta property=\"og:url\" content=\"https:\/\/frikisdelabici.com\/site\/politica-de-privacidad-aviso-legal\/\" \/>\n<meta property=\"og:site_name\" content=\"frikisdelabici.com\" \/>\n<meta property=\"article:modified_time\" content=\"2022-10-04T12:29:25+00:00\" \/>\n<meta property=\"og:image\" content=\"https:\/\/frikisdelabici.com\/site\/wp-content\/uploads\/2020\/02\/datos-de-contacto.jpg\" \/>\n<meta name=\"twitter:card\" content=\"summary_large_image\" \/>\n<meta name=\"twitter:label1\" content=\"Tiempo de lectura\" \/>\n\t<meta name=\"twitter:data1\" content=\"12 minutos\" \/>\n<script type=\"application\/ld+json\" class=\"yoast-schema-graph\">{\"@context\":\"https:\/\/schema.org\",\"@graph\":[{\"@type\":\"WebPage\",\"@id\":\"https:\/\/frikisdelabici.com\/site\/politica-de-privacidad-aviso-legal\/\",\"url\":\"https:\/\/frikisdelabici.com\/site\/politica-de-privacidad-aviso-legal\/\",\"name\":\"Pol\u00edtica de privacidad y Aviso Legal - frikisdelabici.com\",\"isPartOf\":{\"@id\":\"https:\/\/frikisdelabici.com\/site\/#website\"},\"primaryImageOfPage\":{\"@id\":\"https:\/\/frikisdelabici.com\/site\/politica-de-privacidad-aviso-legal\/#primaryimage\"},\"image\":{\"@id\":\"https:\/\/frikisdelabici.com\/site\/politica-de-privacidad-aviso-legal\/#primaryimage\"},\"thumbnailUrl\":\"https:\/\/frikisdelabici.com\/site\/wp-content\/uploads\/2020\/02\/datos-de-contacto.jpg\",\"datePublished\":\"2020-02-24T11:49:09+00:00\",\"dateModified\":\"2022-10-04T12:29:25+00:00\",\"breadcrumb\":{\"@id\":\"https:\/\/frikisdelabici.com\/site\/politica-de-privacidad-aviso-legal\/#breadcrumb\"},\"inLanguage\":\"es\",\"potentialAction\":[{\"@type\":\"ReadAction\",\"target\":[\"https:\/\/frikisdelabici.com\/site\/politica-de-privacidad-aviso-legal\/\"]}]},{\"@type\":\"ImageObject\",\"inLanguage\":\"es\",\"@id\":\"https:\/\/frikisdelabici.com\/site\/politica-de-privacidad-aviso-legal\/#primaryimage\",\"url\":\"https:\/\/frikisdelabici.com\/site\/wp-content\/uploads\/2020\/02\/datos-de-contacto.jpg\",\"contentUrl\":\"https:\/\/frikisdelabici.com\/site\/wp-content\/uploads\/2020\/02\/datos-de-contacto.jpg\",\"width\":663,\"height\":165},{\"@type\":\"BreadcrumbList\",\"@id\":\"https:\/\/frikisdelabici.com\/site\/politica-de-privacidad-aviso-legal\/#breadcrumb\",\"itemListElement\":[{\"@type\":\"ListItem\",\"position\":1,\"name\":\"Inicio\",\"item\":\"https:\/\/frikisdelabici.com\/site\/\"},{\"@type\":\"ListItem\",\"position\":2,\"name\":\"Pol\u00edtica de privacidad y Aviso Legal\"}]},{\"@type\":\"WebSite\",\"@id\":\"https:\/\/frikisdelabici.com\/site\/#website\",\"url\":\"https:\/\/frikisdelabici.com\/site\/\",\"name\":\"frikisdelabici.com\",\"description\":\"Noticias sobre ZWIFT, art\u00edculos sobre entrenamiento, carreras... de todo lo relacionado con el ciclista m\u00e1s friki\",\"publisher\":{\"@id\":\"https:\/\/frikisdelabici.com\/site\/#\/schema\/person\/a7e0f7e0c1ecaf32b75491c779564593\"},\"potentialAction\":[{\"@type\":\"SearchAction\",\"target\":{\"@type\":\"EntryPoint\",\"urlTemplate\":\"https:\/\/frikisdelabici.com\/site\/?s={search_term_string}\"},\"query-input\":{\"@type\":\"PropertyValueSpecification\",\"valueRequired\":true,\"valueName\":\"search_term_string\"}}],\"inLanguage\":\"es\"},{\"@type\":[\"Person\",\"Organization\"],\"@id\":\"https:\/\/frikisdelabici.com\/site\/#\/schema\/person\/a7e0f7e0c1ecaf32b75491c779564593\",\"name\":\"Rub\u00e9n Fern\u00e1ndez\",\"image\":{\"@type\":\"ImageObject\",\"inLanguage\":\"es\",\"@id\":\"https:\/\/frikisdelabici.com\/site\/#\/schema\/person\/image\/\",\"url\":\"https:\/\/frikisdelabici.com\/site\/wp-content\/uploads\/2020\/03\/gran-fondo-san-sebastian-2017-4014569-48213-4286-1-scaled.jpg\",\"contentUrl\":\"https:\/\/frikisdelabici.com\/site\/wp-content\/uploads\/2020\/03\/gran-fondo-san-sebastian-2017-4014569-48213-4286-1-scaled.jpg\",\"width\":2560,\"height\":1707,\"caption\":\"Rub\u00e9n Fern\u00e1ndez\"},\"logo\":{\"@id\":\"https:\/\/frikisdelabici.com\/site\/#\/schema\/person\/image\/\"}}]}<\/script>\n<!-- \/ Yoast SEO Premium plugin. -->","yoast_head_json":{"title":"Pol\u00edtica de privacidad y Aviso Legal - frikisdelabici.com","robots":{"index":"noindex","follow":"nofollow"},"og_locale":"es_ES","og_type":"article","og_title":"Pol\u00edtica de privacidad y Aviso Legal","og_description":"Qui\u00e9nes somos La direcci\u00f3n de nuestra web es: https:\/\/frikisdelabici.com El responsable de la web y del fichero de datos se muestra a continuaci\u00f3n: Cumplimiento de la normativa de aplicaci\u00f3n www.frikisdelabici.com cumple con las directrices de la Ley Org\u00e1nica 15\/1999 de 13 de diciembre de Protecci\u00f3n de Datos de Car\u00e1cter Personal, el Real Decreto 1720\/2007 de...","og_url":"https:\/\/frikisdelabici.com\/site\/politica-de-privacidad-aviso-legal\/","og_site_name":"frikisdelabici.com","article_modified_time":"2022-10-04T12:29:25+00:00","og_image":[{"url":"https:\/\/frikisdelabici.com\/site\/wp-content\/uploads\/2020\/02\/datos-de-contacto.jpg","type":"","width":"","height":""}],"twitter_card":"summary_large_image","twitter_misc":{"Tiempo de lectura":"12 minutos"},"schema":{"@context":"https:\/\/schema.org","@graph":[{"@type":"WebPage","@id":"https:\/\/frikisdelabici.com\/site\/politica-de-privacidad-aviso-legal\/","url":"https:\/\/frikisdelabici.com\/site\/politica-de-privacidad-aviso-legal\/","name":"Pol\u00edtica de privacidad y Aviso Legal - frikisdelabici.com","isPartOf":{"@id":"https:\/\/frikisdelabici.com\/site\/#website"},"primaryImageOfPage":{"@id":"https:\/\/frikisdelabici.com\/site\/politica-de-privacidad-aviso-legal\/#primaryimage"},"image":{"@id":"https:\/\/frikisdelabici.com\/site\/politica-de-privacidad-aviso-legal\/#primaryimage"},"thumbnailUrl":"https:\/\/frikisdelabici.com\/site\/wp-content\/uploads\/2020\/02\/datos-de-contacto.jpg","datePublished":"2020-02-24T11:49:09+00:00","dateModified":"2022-10-04T12:29:25+00:00","breadcrumb":{"@id":"https:\/\/frikisdelabici.com\/site\/politica-de-privacidad-aviso-legal\/#breadcrumb"},"inLanguage":"es","potentialAction":[{"@type":"ReadAction","target":["https:\/\/frikisdelabici.com\/site\/politica-de-privacidad-aviso-legal\/"]}]},{"@type":"ImageObject","inLanguage":"es","@id":"https:\/\/frikisdelabici.com\/site\/politica-de-privacidad-aviso-legal\/#primaryimage","url":"https:\/\/frikisdelabici.com\/site\/wp-content\/uploads\/2020\/02\/datos-de-contacto.jpg","contentUrl":"https:\/\/frikisdelabici.com\/site\/wp-content\/uploads\/2020\/02\/datos-de-contacto.jpg","width":663,"height":165},{"@type":"BreadcrumbList","@id":"https:\/\/frikisdelabici.com\/site\/politica-de-privacidad-aviso-legal\/#breadcrumb","itemListElement":[{"@type":"ListItem","position":1,"name":"Inicio","item":"https:\/\/frikisdelabici.com\/site\/"},{"@type":"ListItem","position":2,"name":"Pol\u00edtica de privacidad y Aviso Legal"}]},{"@type":"WebSite","@id":"https:\/\/frikisdelabici.com\/site\/#website","url":"https:\/\/frikisdelabici.com\/site\/","name":"frikisdelabici.com","description":"Noticias sobre ZWIFT, art\u00edculos sobre entrenamiento, carreras... de todo lo relacionado con el ciclista m\u00e1s friki","publisher":{"@id":"https:\/\/frikisdelabici.com\/site\/#\/schema\/person\/a7e0f7e0c1ecaf32b75491c779564593"},"potentialAction":[{"@type":"SearchAction","target":{"@type":"EntryPoint","urlTemplate":"https:\/\/frikisdelabici.com\/site\/?s={search_term_string}"},"query-input":{"@type":"PropertyValueSpecification","valueRequired":true,"valueName":"search_term_string"}}],"inLanguage":"es"},{"@type":["Person","Organization"],"@id":"https:\/\/frikisdelabici.com\/site\/#\/schema\/person\/a7e0f7e0c1ecaf32b75491c779564593","name":"Rub\u00e9n Fern\u00e1ndez","image":{"@type":"ImageObject","inLanguage":"es","@id":"https:\/\/frikisdelabici.com\/site\/#\/schema\/person\/image\/","url":"https:\/\/frikisdelabici.com\/site\/wp-content\/uploads\/2020\/03\/gran-fondo-san-sebastian-2017-4014569-48213-4286-1-scaled.jpg","contentUrl":"https:\/\/frikisdelabici.com\/site\/wp-content\/uploads\/2020\/03\/gran-fondo-san-sebastian-2017-4014569-48213-4286-1-scaled.jpg","width":2560,"height":1707,"caption":"Rub\u00e9n Fern\u00e1ndez"},"logo":{"@id":"https:\/\/frikisdelabici.com\/site\/#\/schema\/person\/image\/"}}]}},"_links":{"self":[{"href":"https:\/\/frikisdelabici.com\/site\/wp-json\/wp\/v2\/pages\/114","targetHints":{"allow":["GET"]}}],"collection":[{"href":"https:\/\/frikisdelabici.com\/site\/wp-json\/wp\/v2\/pages"}],"about":[{"href":"https:\/\/frikisdelabici.com\/site\/wp-json\/wp\/v2\/types\/page"}],"author":[{"embeddable":true,"href":"https:\/\/frikisdelabici.com\/site\/wp-json\/wp\/v2\/users\/1"}],"replies":[{"embeddable":true,"href":"https:\/\/frikisdelabici.com\/site\/wp-json\/wp\/v2\/comments?post=114"}],"version-history":[{"count":7,"href":"https:\/\/frikisdelabici.com\/site\/wp-json\/wp\/v2\/pages\/114\/revisions"}],"predecessor-version":[{"id":1205,"href":"https:\/\/frikisdelabici.com\/site\/wp-json\/wp\/v2\/pages\/114\/revisions\/1205"}],"wp:attachment":[{"href":"https:\/\/frikisdelabici.com\/site\/wp-json\/wp\/v2\/media?parent=114"}],"curies":[{"name":"wp","href":"https:\/\/api.w.org\/{rel}","templated":true}]}}